{"id":14,"date":"2022-07-18T11:25:41","date_gmt":"2022-07-18T09:25:41","guid":{"rendered":"https:\/\/irmt.fr\/?page_id=14"},"modified":"2025-05-24T11:20:18","modified_gmt":"2025-05-24T09:20:18","slug":"beaux-portfolios-pour-des-creatifs-exceptionnels","status":"publish","type":"page","link":"https:\/\/irmt.fr\/","title":{"rendered":"Un centre de ressources pour le territoire"},"content":{"rendered":"\t\t<div data-elementor-type=\"wp-page\" data-elementor-id=\"14\" class=\"elementor elementor-14\">\n\t\t\t\t\t\t\t\t\t<section class=\"elementor-section elementor-top-section elementor-element elementor-element-69fdbfb elementor-section-boxed elementor-section-height-default elementor-section-height-default\" data-id=\"69fdbfb\" data-element_type=\"section\">\n\t\t\t\t\t\t<div class=\"elementor-container elementor-column-gap-default\">\n\t\t\t\t\t<div class=\"elementor-column elementor-col-100 elementor-top-column elementor-element elementor-element-d4b5bc2\" data-id=\"d4b5bc2\" data-element_type=\"column\">\n\t\t\t<div class=\"elementor-widget-wrap elementor-element-populated\">\n\t\t\t\t\t\t\t\t<div class=\"elementor-element elementor-element-719ee999 elementor-widget elementor-widget-text-editor\" data-id=\"719ee999\" data-element_type=\"widget\" data-widget_type=\"text-editor.default\">\n\t\t\t\t<div class=\"elementor-widget-container\">\n\t\t\t<style>\/*! elementor - v3.6.7 - 03-07-2022 *\/\n.elementor-widget-text-editor.elementor-drop-cap-view-stacked .elementor-drop-cap{background-color:#818a91;color:#fff}.elementor-widget-text-editor.elementor-drop-cap-view-framed .elementor-drop-cap{color:#818a91;border:3px solid;background-color:transparent}.elementor-widget-text-editor:not(.elementor-drop-cap-view-default) .elementor-drop-cap{margin-top:8px}.elementor-widget-text-editor:not(.elementor-drop-cap-view-default) .elementor-drop-cap-letter{width:1em;height:1em}.elementor-widget-text-editor .elementor-drop-cap{float:left;text-align:center;line-height:1;font-size:50px}.elementor-widget-text-editor .elementor-drop-cap-letter{display:inline-block}<\/style>\t\t\t\t<p><!-- wp:paragraph {\"align\":\"left\"} --><\/p>\n<h2><span style=\"text-align: justify; color: rgb(68, 68, 68); font-size: 16px; font-weight: 400;\">L\u2019<\/span><strong style=\"text-align: justify; color: rgb(68, 68, 68); font-size: 16px;\">Institut de Recherche pour les Musiques Transatlantiques<\/strong><span style=\"text-align: justify; color: rgb(68, 68, 68); font-size: 16px; font-weight: 400;\"> a pour vocation d\u2019\u00eatre un <\/span><strong style=\"text-align: justify; color: rgb(68, 68, 68); font-size: 16px;\">centre de ressources<\/strong><span style=\"text-align: justify; color: rgb(68, 68, 68); font-size: 16px; font-weight: 400;\"> sur les esth\u00e9tiques musicales apparent\u00e9es \u00ab Jazz \u00bb.&nbsp;&nbsp; &nbsp; &nbsp; &nbsp; &nbsp; &nbsp; &nbsp; &nbsp; &nbsp; &nbsp; &nbsp; &nbsp; &nbsp; &nbsp; &nbsp; &nbsp; &nbsp; &nbsp; &nbsp; &nbsp; &nbsp; &nbsp; &nbsp; &nbsp; &nbsp; &nbsp; &nbsp; &nbsp; &nbsp; &nbsp; &nbsp; &nbsp; &nbsp; &nbsp; &nbsp; &nbsp; &nbsp; &nbsp; &nbsp; &nbsp; &nbsp; &nbsp; &nbsp; &nbsp; &nbsp; &nbsp; &nbsp; &nbsp; &nbsp; &nbsp; &nbsp; &nbsp; &nbsp; &nbsp; &nbsp; &nbsp; &nbsp; &nbsp; &nbsp; &nbsp; &nbsp; &nbsp; &nbsp; &nbsp; Implant\u00e9 sur le territoire du Morbihan, ce centre a pour ambition de soutenir la <\/span><strong style=\"text-align: justify; color: rgb(68, 68, 68); font-size: 16px;\">cr\u00e9ation artistique<\/strong><span style=\"text-align: justify; color: rgb(68, 68, 68); font-size: 16px; font-weight: 400;\">, de favoriser la <\/span><strong style=\"text-align: justify; color: rgb(68, 68, 68); font-size: 16px;\">diffusion des musiques hybrides<\/strong><span style=\"text-align: justify; color: rgb(68, 68, 68); font-size: 16px; font-weight: 400;\"> dites \u00ab Transatlantiques \u00bb et de produire des <\/span><strong style=\"text-align: justify; color: rgb(68, 68, 68); font-size: 16px;\">contenus \u00e9ducatifs<\/strong><span style=\"text-align: justify; color: rgb(68, 68, 68); font-size: 16px; font-weight: 400;\"> (ouvrages, documents audiovisuels\u2026) en collaboration avec des structures <\/span><strong style=\"text-align: justify; color: rgb(68, 68, 68); font-size: 16px;\">universitaires et de recherche<\/strong><span style=\"text-align: justify; color: rgb(68, 68, 68); font-size: 16px; font-weight: 400;\">.&nbsp; &nbsp; &nbsp; &nbsp; &nbsp;<\/span><br><\/h2>\n<p style=\"text-align: justify;\">Le <strong>RITM<\/strong> se veut \u00eatre un acteur facilitant la <strong>co-construction<\/strong> de projets de tous types (r\u00e9sidence, m\u00e9diation culturelle\u2026) avec l\u2019ensemble des parties prenantes du <strong>territoire<\/strong> (structures de diffusion, \u00e9coles de musique\u2026).&nbsp; &nbsp; &nbsp; &nbsp; &nbsp; &nbsp; &nbsp; &nbsp; &nbsp; &nbsp; &nbsp; &nbsp; &nbsp; &nbsp; &nbsp; &nbsp; &nbsp; &nbsp; &nbsp; &nbsp; &nbsp; Ancr\u00e9 sur le <strong>territoire breton<\/strong> mais tourn\u00e9 vers l\u2019<strong>international<\/strong>, le <strong>RITM<\/strong> a la volont\u00e9 de d\u00e9velopper des projets <strong>transversaux<\/strong>, en favorisant l\u2019<strong>interdisciplinarit\u00e9<\/strong> et les \u00e9changes entre acteurs <strong>locaux<\/strong> et <strong>internationaux<\/strong>.<\/p>\n<p><!-- \/wp:paragraph --><\/p>\n<p><!-- wp:heading {\"level\":1} --><\/p>\n<h1>Nos missions<\/h1>\n<p><!-- \/wp:heading --><\/p>\n<p><!-- wp:image {\"align\":\"center\",\"id\":44,\"width\":80,\"height\":80,\"sizeSlug\":\"full\",\"linkDestination\":\"none\"} --><\/p>\n<figure><img loading=\"lazy\" decoding=\"async\" src=\"https:\/\/irmt.fr\/wp-content\/uploads\/2022\/07\/ITEM1.png\" alt=\"\" width=\"80\" height=\"80\"><\/figure>\n<p><!-- \/wp:image --><\/p>\n<p><!-- wp:paragraph --><\/p>\n<p>Initier et accompagner des travaux de <strong>recherche-cr\u00e9ation <\/strong>en musicologie et sciences sociales dans une dimension <strong>transatlantique &amp; internationale,<\/strong> en partenariat avec les universit\u00e9s, conservatoires et structures artistiques.<\/p>\n<p><!-- \/wp:paragraph --><\/p>\n<p><!-- wp:image {\"align\":\"center\",\"id\":45,\"width\":80,\"height\":80,\"sizeSlug\":\"full\",\"linkDestination\":\"none\"} --><\/p>\n<figure><img loading=\"lazy\" decoding=\"async\" src=\"https:\/\/irmt.fr\/wp-content\/uploads\/2022\/07\/ITEM2.png\" alt=\"\" width=\"80\" height=\"80\"><\/figure>\n<p><!-- \/wp:image --><\/p>\n<p><!-- wp:paragraph --><\/p>\n<p>Produire des <strong>cr\u00e9ations musicales<\/strong> sur le territoire, en d\u00e9veloppant des synergies entre les <strong>ressources<\/strong> artistiques <strong>r\u00e9gionales <\/strong>et <strong>internationales <\/strong>\u00e0 destination des<strong> artistes et musiciens professionnels.<\/strong><\/p>\n<p><!-- \/wp:paragraph --><\/p>\n<p><!-- wp:image {\"align\":\"center\",\"id\":46,\"width\":74,\"height\":74,\"sizeSlug\":\"full\",\"linkDestination\":\"none\"} --><\/p>\n<figure><img loading=\"lazy\" decoding=\"async\" src=\"https:\/\/irmt.fr\/wp-content\/uploads\/2022\/07\/ITEM3.png\" alt=\"\" width=\"74\" height=\"74\"><\/figure>\n<p><!-- \/wp:image --><\/p>\n<p><!-- wp:paragraph --><\/p>\n<p>Produire \u00e0 destination du <strong>grand public<\/strong> des <strong>documentaires<\/strong> de cr\u00e9ation pour <strong>faciliter la compr\u00e9hension<\/strong> de nos soci\u00e9t\u00e9s \u00e0 travers les esth\u00e9tiques musicales apparent\u00e9es \u00ab jazz \u00bb, des<strong> origines<\/strong> aux \u00e9volutions <strong>contemporaines<\/strong><strong>.<\/strong><\/p>\n<p><!-- \/wp:paragraph --><\/p>\n<p><!-- wp:image {\"align\":\"center\",\"id\":47,\"width\":76,\"height\":76,\"sizeSlug\":\"full\",\"linkDestination\":\"none\"} --><\/p>\n<figure><img loading=\"lazy\" decoding=\"async\" src=\"https:\/\/irmt.fr\/wp-content\/uploads\/2022\/07\/ITEM4.png\" alt=\"\" width=\"76\" height=\"76\"><\/figure>\n<p><!-- \/wp:image --><\/p>\n<p><!-- wp:paragraph --><\/p>\n<p><strong>Diffuser <\/strong>le plus largement possible les contenus produits par l\u2019institut dans une <strong>approche \u00e9ducative <\/strong>\u00e0 destination des<strong> scolaires, \u00e9tudiants en musicologie, des publics \u00e9loign\u00e9s et du grand public<\/strong><\/p>\n<p><!-- \/wp:paragraph --><\/p>\n<p><!-- wp:image --><\/p>\n<figure><\/figure>\n<p><!-- \/wp:image --><\/p>\n<p><!-- wp:image --><\/p>\n<figure><\/figure>\n<p><!-- \/wp:image --><\/p>\t\t\t\t\t\t<\/div>\n\t\t\t\t<\/div>\n\t\t\t\t\t<\/div>\n\t\t<\/div>\n\t\t\t\t\t\t\t<\/div>\n\t\t<\/section>\n\t\t\t\t<section class=\"elementor-section elementor-top-section elementor-element elementor-element-8687594 elementor-section-boxed elementor-section-height-default elementor-section-height-default\" data-id=\"8687594\" data-element_type=\"section\">\n\t\t\t\t\t\t<div class=\"elementor-container elementor-column-gap-default\">\n\t\t\t\t\t<div class=\"elementor-column elementor-col-100 elementor-top-column elementor-element elementor-element-6314f6d\" data-id=\"6314f6d\" data-element_type=\"column\">\n\t\t\t<div class=\"elementor-widget-wrap elementor-element-populated\">\n\t\t\t\t\t\t\t\t<div class=\"elementor-element elementor-element-bf3cd49 elementor-widget elementor-widget-heading\" data-id=\"bf3cd49\" data-element_type=\"widget\" data-widget_type=\"heading.default\">\n\t\t\t\t<div class=\"elementor-widget-container\">\n\t\t\t<style>\/*! elementor - v3.6.7 - 03-07-2022 *\/\n.elementor-heading-title{padding:0;margin:0;line-height:1}.elementor-widget-heading .elementor-heading-title[class*=elementor-size-]>a{color:inherit;font-size:inherit;line-height:inherit}.elementor-widget-heading .elementor-heading-title.elementor-size-small{font-size:15px}.elementor-widget-heading .elementor-heading-title.elementor-size-medium{font-size:19px}.elementor-widget-heading .elementor-heading-title.elementor-size-large{font-size:29px}.elementor-widget-heading .elementor-heading-title.elementor-size-xl{font-size:39px}.elementor-widget-heading .elementor-heading-title.elementor-size-xxl{font-size:59px}<\/style><h2 class=\"elementor-heading-title elementor-size-default\">Vannes Echos Jazz<\/h2>\t\t<\/div>\n\t\t\t\t<\/div>\n\t\t\t\t\t<\/div>\n\t\t<\/div>\n\t\t\t\t\t\t\t<\/div>\n\t\t<\/section>\n\t\t\t\t<section class=\"elementor-section elementor-top-section elementor-element elementor-element-4150230 elementor-section-boxed elementor-section-height-default elementor-section-height-default\" data-id=\"4150230\" data-element_type=\"section\">\n\t\t\t\t\t\t<div class=\"elementor-container elementor-column-gap-default\">\n\t\t\t\t\t<div class=\"elementor-column elementor-col-50 elementor-top-column elementor-element elementor-element-02ba67d\" data-id=\"02ba67d\" data-element_type=\"column\">\n\t\t\t<div class=\"elementor-widget-wrap elementor-element-populated\">\n\t\t\t\t\t\t\t\t<div class=\"elementor-element elementor-element-689eaae elementor-widget elementor-widget-text-editor\" data-id=\"689eaae\" data-element_type=\"widget\" data-widget_type=\"text-editor.default\">\n\t\t\t\t<div class=\"elementor-widget-container\">\n\t\t\t\t\t\t\t<p>Dans le cadre du festival, l\u2019association a pour mission de g\u00e9rer le village du festival dont les bars. Nous cherchons donc des b\u00e9n\u00e9voles !<\/p>\t\t\t\t\t\t<\/div>\n\t\t\t\t<\/div>\n\t\t\t\t\t<\/div>\n\t\t<\/div>\n\t\t\t\t<div class=\"elementor-column elementor-col-50 elementor-top-column elementor-element elementor-element-6d22a8a\" data-id=\"6d22a8a\" data-element_type=\"column\">\n\t\t\t<div class=\"elementor-widget-wrap elementor-element-populated\">\n\t\t\t\t\t\t\t\t<div class=\"elementor-element elementor-element-b6b1eab elementor-button-info elementor-align-center elementor-widget elementor-widget-button\" data-id=\"b6b1eab\" data-element_type=\"widget\" data-widget_type=\"button.default\">\n\t\t\t\t<div class=\"elementor-widget-container\">\n\t\t\t\t\t<div class=\"elementor-button-wrapper\">\n\t\t\t<a href=\"https:\/\/irmt.fr\/index.php\/benevoles\/\" class=\"elementor-button-link elementor-button elementor-size-md\" role=\"button\">\n\t\t\t\t\t\t<span class=\"elementor-button-content-wrapper\">\n\t\t\t\t\t\t<span class=\"elementor-button-text\">S\u2019inscrire<\/span>\n\t\t<\/span>\n\t\t\t\t\t<\/a>\n\t\t<\/div>\n\t\t\t\t<\/div>\n\t\t\t\t<\/div>\n\t\t\t\t\t<\/div>\n\t\t<\/div>\n\t\t\t\t\t\t\t<\/div>\n\t\t<\/section>\n\t\t\t\t<section class=\"elementor-section elementor-top-section elementor-element elementor-element-23fb3f8 elementor-section-boxed elementor-section-height-default elementor-section-height-default\" data-id=\"23fb3f8\" data-element_type=\"section\">\n\t\t\t\t\t\t<div class=\"elementor-container elementor-column-gap-default\">\n\t\t\t\t\t<div class=\"elementor-column elementor-col-100 elementor-top-column elementor-element elementor-element-695ddfb\" data-id=\"695ddfb\" data-element_type=\"column\">\n\t\t\t<div class=\"elementor-widget-wrap elementor-element-populated\">\n\t\t\t\t\t\t\t\t<div class=\"elementor-element elementor-element-6b0edf6 elementor-widget elementor-widget-spacer\" data-id=\"6b0edf6\" data-element_type=\"widget\" data-widget_type=\"spacer.default\">\n\t\t\t\t<div class=\"elementor-widget-container\">\n\t\t\t<style>\/*! elementor - v3.6.7 - 03-07-2022 *\/\n.e-container.e-container--row .elementor-spacer-inner{width:var(--spacer-size)}.e-container.e-container--column .elementor-spacer-inner,.elementor-column .elementor-spacer-inner{height:var(--spacer-size)}<\/style>\t\t<div class=\"elementor-spacer\">\n\t\t\t<div class=\"elementor-spacer-inner\"><\/div>\n\t\t<\/div>\n\t\t\t\t<\/div>\n\t\t\t\t<\/div>\n\t\t\t\t\t<\/div>\n\t\t<\/div>\n\t\t\t\t\t\t\t<\/div>\n\t\t<\/section>\n\t\t\t\t\t\t\t<\/div>\n\t\t","protected":false},"excerpt":{"rendered":"<p>L\u2019Institut de Recherche pour les Musiques Transatlantiques a pour vocation d\u2019\u00eatre un centre de ressources sur les esth\u00e9tiques musicales apparent\u00e9es \u00ab Jazz \u00bb.&nbsp;&nbsp; &nbsp; &nbsp; &nbsp; &nbsp; &nbsp; &nbsp; &nbsp; &nbsp; &nbsp; &nbsp; &nbsp; &nbsp; &nbsp; &nbsp; &nbsp; &nbsp; &nbsp; &nbsp; &nbsp; &nbsp; &nbsp; &nbsp; &nbsp; &nbsp; &nbsp; &nbsp; &nbsp; &nbsp; &nbsp; &nbsp; &nbsp; &nbsp; &hellip; <\/p>\n<p class=\"link-more\"><a href=\"https:\/\/irmt.fr\/\" class=\"more-link\">Lire la suite de<span class=\"screen-reader-text\">\u00ab\u00a0Un centre de ressources pour le territoire\u00a0\u00bb<\/span><\/a><\/p>\n","protected":false},"author":1,"featured_media":13,"parent":0,"menu_order":0,"comment_status":"closed","ping_status":"closed","template":"","meta":{"footnotes":""},"class_list":["post-14","page","type-page","status-publish","has-post-thumbnail","hentry"],"featured_media_urls":{"thumbnail":["https:\/\/irmt.fr\/wp-content\/uploads\/2022\/07\/StockSnap_M6D1GS9PSL-1-150x150.jpg",150,150,true],"medium":["https:\/\/irmt.fr\/wp-content\/uploads\/2022\/07\/StockSnap_M6D1GS9PSL-1-300x198.jpg",300,198,true],"medium_large":["https:\/\/irmt.fr\/wp-content\/uploads\/2022\/07\/StockSnap_M6D1GS9PSL-1-768x506.jpg",768,506,true],"large":["https:\/\/irmt.fr\/wp-content\/uploads\/2022\/07\/StockSnap_M6D1GS9PSL-1-1024x674.jpg",950,625,true],"1536x1536":["https:\/\/irmt.fr\/wp-content\/uploads\/2022\/07\/StockSnap_M6D1GS9PSL-1-1536x1011.jpg",1536,1011,true],"2048x2048":["https:\/\/irmt.fr\/wp-content\/uploads\/2022\/07\/StockSnap_M6D1GS9PSL-1.jpg",2000,1317,false],"inspiro-featured-image":["https:\/\/irmt.fr\/wp-content\/uploads\/2022\/07\/StockSnap_M6D1GS9PSL-1.jpg",2000,1317,false],"inspiro-loop":["https:\/\/irmt.fr\/wp-content\/uploads\/2022\/07\/StockSnap_M6D1GS9PSL-1-950x320.jpg",950,320,true],"inspiro-loop@2x":["https:\/\/irmt.fr\/wp-content\/uploads\/2022\/07\/StockSnap_M6D1GS9PSL-1-1900x640.jpg",1900,640,true],"portfolio_item-thumbnail":["https:\/\/irmt.fr\/wp-content\/uploads\/2022\/07\/StockSnap_M6D1GS9PSL-1.jpg",600,395,false],"portfolio_item-masonry":["https:\/\/irmt.fr\/wp-content\/uploads\/2022\/07\/StockSnap_M6D1GS9PSL-1.jpg",600,395,false],"portfolio_item-thumbnail_cinema":["https:\/\/irmt.fr\/wp-content\/uploads\/2022\/07\/StockSnap_M6D1GS9PSL-1.jpg",509,335,false],"portfolio_item-thumbnail_portrait":["https:\/\/irmt.fr\/wp-content\/uploads\/2022\/07\/StockSnap_M6D1GS9PSL-1.jpg",600,395,false],"portfolio_item-thumbnail_square":["https:\/\/irmt.fr\/wp-content\/uploads\/2022\/07\/StockSnap_M6D1GS9PSL-1.jpg",800,527,false]},"_links":{"self":[{"href":"https:\/\/irmt.fr\/index.php\/wp-json\/wp\/v2\/pages\/14","targetHints":{"allow":["GET"]}}],"collection":[{"href":"https:\/\/irmt.fr\/index.php\/wp-json\/wp\/v2\/pages"}],"about":[{"href":"https:\/\/irmt.fr\/index.php\/wp-json\/wp\/v2\/types\/page"}],"author":[{"embeddable":true,"href":"https:\/\/irmt.fr\/index.php\/wp-json\/wp\/v2\/users\/1"}],"replies":[{"embeddable":true,"href":"https:\/\/irmt.fr\/index.php\/wp-json\/wp\/v2\/comments?post=14"}],"version-history":[{"count":69,"href":"https:\/\/irmt.fr\/index.php\/wp-json\/wp\/v2\/pages\/14\/revisions"}],"predecessor-version":[{"id":515,"href":"https:\/\/irmt.fr\/index.php\/wp-json\/wp\/v2\/pages\/14\/revisions\/515"}],"wp:featuredmedia":[{"embeddable":true,"href":"https:\/\/irmt.fr\/index.php\/wp-json\/wp\/v2\/media\/13"}],"wp:attachment":[{"href":"https:\/\/irmt.fr\/index.php\/wp-json\/wp\/v2\/media?parent=14"}],"curies":[{"name":"wp","href":"https:\/\/api.w.org\/{rel}","templated":true}]}}