{"id":111,"date":"2022-07-18T14:08:16","date_gmt":"2022-07-18T12:08:16","guid":{"rendered":"https:\/\/irmt.fr\/?page_id=111"},"modified":"2024-11-25T15:18:28","modified_gmt":"2024-11-25T14:18:28","slug":"actualites","status":"publish","type":"page","link":"https:\/\/irmt.fr\/index.php\/actualites\/","title":{"rendered":"Actualit\u00e9s"},"content":{"rendered":"\t\t<div data-elementor-type=\"wp-page\" data-elementor-id=\"111\" class=\"elementor elementor-111\">\n\t\t\t\t\t\t\t\t\t<section class=\"elementor-section elementor-top-section elementor-element elementor-element-2ec2d3e0 elementor-section-boxed elementor-section-height-default elementor-section-height-default\" data-id=\"2ec2d3e0\" data-element_type=\"section\">\n\t\t\t\t\t\t<div class=\"elementor-container elementor-column-gap-default\">\n\t\t\t\t\t<div class=\"elementor-column elementor-col-100 elementor-top-column elementor-element elementor-element-60712e37\" data-id=\"60712e37\" data-element_type=\"column\">\n\t\t\t<div class=\"elementor-widget-wrap elementor-element-populated\">\n\t\t\t\t\t\t\t\t<div class=\"elementor-element elementor-element-2a36ce4f elementor-widget elementor-widget-text-editor\" data-id=\"2a36ce4f\" data-element_type=\"widget\" data-widget_type=\"text-editor.default\">\n\t\t\t\t<div class=\"elementor-widget-container\">\n\t\t\t<style>\/*! elementor - v3.6.7 - 03-07-2022 *\/\n.elementor-widget-text-editor.elementor-drop-cap-view-stacked .elementor-drop-cap{background-color:#818a91;color:#fff}.elementor-widget-text-editor.elementor-drop-cap-view-framed .elementor-drop-cap{color:#818a91;border:3px solid;background-color:transparent}.elementor-widget-text-editor:not(.elementor-drop-cap-view-default) .elementor-drop-cap{margin-top:8px}.elementor-widget-text-editor:not(.elementor-drop-cap-view-default) .elementor-drop-cap-letter{width:1em;height:1em}.elementor-widget-text-editor .elementor-drop-cap{float:left;text-align:center;line-height:1;font-size:50px}.elementor-widget-text-editor .elementor-drop-cap-letter{display:inline-block}<\/style>\t\t\t\t<div style=\"color: #444444; font-size: 16px; font-weight: 400;\">\n<h2>R\u00e9sidence de cr\u00e9ation Menalua\u00a0 \u00a0 \u00a0 \u00a0 \u00a0 \u00a0 \u00a0 \u00a0 \u00a0 \u00a0 \u00a0 \u00a0 \u00a0 \u00a0 \u00a0 \u00a0 \u00a0 \u00a0 \u00a0 \u00a0 \u00a0 \u00a0 \u00a0 \u00a0 \u00a0 \u00a0 \u00a0 \u00a0 \u00a0 \u00a0 \u00a0 <span style=\"font-size: 16px; font-weight: 400;\">(Laur\u00e9at du Tremplin National Vannes Echos Jazz)<\/span><\/h2>\n<div>Du 18 au 22 novembre 2024<\/div>\n<div><img loading=\"lazy\" decoding=\"async\" class=\"size-medium wp-image-490 alignright\" src=\"https:\/\/irmt.fr\/wp-content\/uploads\/2024\/11\/Affiche-Menalua-214x300.jpg\" alt=\"\" width=\"214\" height=\"300\" srcset=\"https:\/\/irmt.fr\/wp-content\/uploads\/2024\/11\/Affiche-Menalua-214x300.jpg 214w, https:\/\/irmt.fr\/wp-content\/uploads\/2024\/11\/Affiche-Menalua-732x1024.jpg 732w, https:\/\/irmt.fr\/wp-content\/uploads\/2024\/11\/Affiche-Menalua-768x1074.jpg 768w, https:\/\/irmt.fr\/wp-content\/uploads\/2024\/11\/Affiche-Menalua-600x839.jpg 600w, https:\/\/irmt.fr\/wp-content\/uploads\/2024\/11\/Affiche-Menalua.jpg 965w\" sizes=\"auto, (max-width: 214px) 100vw, 214px\" \/><br \/>\n<p>Le groupe Laur\u00e9at du Tremplin National \u00abMenalua\u00bb s\u2019est vu attribu\u00e9 le prix \u00ab Jean-Philippe Breton \u00bb dot\u00e9 d\u2019une bourse de 3 000 \u20ac offerte par la Ville de Vannes ainsi qu\u2019une r\u00e9sidence de cr\u00e9ation artistique, produite par l\u2019Institut de Recherche pour les Musiques Transatlantiques, partenaire du tremplin.<\/p>\n<p>Le groupe Menalua est accueilli en r\u00e9sidence \u00e0 l\u2019<a href=\"https:\/\/www.epsm-morbihan.fr\/\" target=\"_blank\" rel=\"noopener\">EPSM de Saint-Av\u00e9 <\/a>du 18 au 22 novembre 2024. Des temps de m\u00e9diation avec les patients de l&rsquo;EPSM auront lieu durant la r\u00e9sidence en pr\u00e9sence des artistes. Une restitution de ce travail sera propos\u00e9e le vendredi 22 novembre dans les locaux de l&rsquo;EPSM \u00e0 16h30.\u00a0\u00a0<\/p>\n<\/div>\n<h2>R\u00e9sidence du Trio Maaleka au Transversal Studio.<\/h2>\n<h5>Septembre 2024<\/h5>\n<p><span style=\"font-family: var( --e-global-typography-secondary-font-family ), Sans-serif;\"><img loading=\"lazy\" decoding=\"async\" class=\" wp-image-447 alignleft\" src=\"https:\/\/irmt.fr\/wp-content\/uploads\/2024\/10\/Trio-Maaleka-300x158.jpg\" alt=\"\" width=\"300\" height=\"158\" srcset=\"https:\/\/irmt.fr\/wp-content\/uploads\/2024\/10\/Trio-Maaleka-300x158.jpg 300w, https:\/\/irmt.fr\/wp-content\/uploads\/2024\/10\/Trio-Maaleka-1024x538.jpg 1024w, https:\/\/irmt.fr\/wp-content\/uploads\/2024\/10\/Trio-Maaleka-768x403.jpg 768w, https:\/\/irmt.fr\/wp-content\/uploads\/2024\/10\/Trio-Maaleka-600x315.jpg 600w, https:\/\/irmt.fr\/wp-content\/uploads\/2024\/10\/Trio-Maaleka.jpg 1200w\" sizes=\"auto, (max-width: 300px) 100vw, 300px\" \/>Apr\u00e8s une premi\u00e8re r\u00e9sidence sur le territoire morbihannais en avril dernier, le trio Maaleka a pu b\u00e9n\u00e9ficier d&rsquo;un travail au studio Transversal \u00e0 Vannes. Port\u00e9 par la voix d&rsquo;Alex Massmedia, artiste associ\u00e9 de l\u2019Institut de Recherche pour les Musiques Transatlantiques, cette seconde r\u00e9sidence de trois jours au Transversal Studio de Vannes\u00a0 a \u00e9t\u00e9 r\u00e9alis\u00e9e en amont du concert le 20 septembre 2024 propos\u00e9e par Notes et Mots, l\u2019association jazz de Monterblanc en Collab avec Vannes Echos Jazz. Cette r\u00e9sidence en deux temps a permis au trio d\u2019Alex Massmedia de travailler \u00e0 la cr\u00e9ation de tour de chant, la mise en sc\u00e8ne du spectacle, l&rsquo;enregistrement de plusieurs titres et de rencontrer les diff\u00e9rents publics du territoire.\u00a0<\/span><span style=\"font-family: Arial;\">\u00a0<\/span><span style=\"font-family: var( --e-global-typography-secondary-font-family ), Sans-serif;\">\u00a0 \u00a0 \u00a0 \u00a0 \u00a0 \u00a0 \u00a0 \u00a0 \u00a0 \u00a0 \u00a0 \u00a0 \u00a0 \u00a0 \u00a0 \u00a0 \u00a0 \u00a0 \u00a0 \u00a0 \u00a0\u00a0<\/span><\/p>\n<\/div>\n<h2>\u00a0Journ\u00e9e Internationale du Jazz.<\/h2>\n<h5>18 avril 2024<\/h5>\n<p><span style=\"font-family: Arial, sans-serif;\"><span style=\"font-size: 16px; font-weight: 400; font-family: 'Arial';\"><strong><img loading=\"lazy\" decoding=\"async\" class=\"alignright\" src=\"https:\/\/irmt.fr\/wp-content\/uploads\/2024\/04\/IJD-Logo-FR-black-300x160.png\" alt=\"\" width=\"300\" height=\"160\" \/><\/strong><\/span>Rendez-vous international de la plan\u00e8te jazz pour faire vivre son esprit et ses valeurs,\u00a0l\u2019<a href=\"https:\/\/jazzday.com\/\" target=\"_blank\" rel=\"noopener\">International Jazz Day<\/a>\u00a0propose \u00e0\u00a0 tous types de structures dans le monde entier de contribuer au rayonnement de cette musique chaque 30 avril. En raison des vacances scolaires, cette journ\u00e9e aura lieu sur le territoire le jeudi 18 avril et proposera la restitution du dispositif\u00a0<a href=\"https:\/\/www.vannesechosjazz.bzh\/eac-vannes-echos-jazz\">\u00c9ducation Artistique et Culturelle (EAC) du Jazz sur les Ondes<\/a>, une master-class et un concert en partenariat avec le Conservatoire \u00e0 Rayonnement D\u00e9partemental, un concert suivi d\u2019une jam session.<\/span><\/p>\n<p><span style=\"font-family: Arial, sans-serif;\">Retrouvez tout le programme de la journ\u00e9e<a href=\"https:\/\/www.vannesechosjazz.bzh\/journee-internationale-du-jazz\" target=\"_blank\" rel=\"noopener\">\u00a0ici<\/a>\u00a0<\/span><\/p>\n<p><em><span style=\"font-family: Arial, sans-serif;\">Un \u00e9v\u00e8nement Vannes Echos Jazz en partenariat avec RITM.\u00a0<\/span><\/em><\/p>\n<h2>R\u00e9sidence de cr\u00e9ation Trio Maaleka du 15 au 17 avril.<\/h2>\n<div>Alex Massmedia, artiste associ\u00e9 de l\u2019Institut de Recherche pour les Musiques Transatlantiques sera en r\u00e9sidence sur deux temps sur le territoire morbihannais. Une premi\u00e8re r\u00e9sidence aura lieu au<b> printemps 2024 <\/b>\u00e0 Monterblanc et permettra aux 6 \u00e9coles du parcours EAC de Golfe du Morbihan Vannes Agglom\u00e9ration de rencontrer l\u2019artiste et ses musiciens. Nourris par ses racines congolaises, son chant danse, sa musique se m\u00e9tisse, le trio nous invitent \u00e0 nous connecter \u00e0 notre humanit\u00e9 profonde. L&rsquo;univers est sublim\u00e9 par la puret\u00e9 du trio acoustique, qui laisse la place pour appr\u00e9cier la beaut\u00e9 de son art. Le trio sera en concert le 18 avril au Palais des Arts de Vannes dans le cadre de la journ\u00e9e internationale du Jazz propos\u00e9e par Vannes Echos Jazz. Une seconde r\u00e9sidence de trois jours aura lieu \u00e0 Monterblanc en septembre, en amont du concert le 20 septembre 2024 propos\u00e9e par Notes et Mots, l\u2019association jazz de Monterblanc. Cette r\u00e9sidence en deux temps permettra au trio d\u2019Alex Massmedia de travailler \u00e0 la cr\u00e9ation de tour de chant ainsi que la mise en sc\u00e8ne du spectacle et de rencontrer les diff\u00e9rents publics du territoire<\/div>\n<h2>RITM partenaire du nouveau projet VANNES ECHOS JAZZ.<\/h2>\n<div style=\"color: #444444; font-size: 16px; font-weight: 400;\">RITM partenaire du nouveau projet culturel lanc\u00e9 sur les 34 commun<img loading=\"lazy\" decoding=\"async\" class=\"alignleft\" src=\"https:\/\/irmt.fr\/wp-content\/uploads\/2024\/01\/VEJ-298x300.png\" alt=\"\" width=\"214\" height=\"215\" \/>es du Golfe du Morbihan Vannes Agglom\u00e9ration.<\/div>\n<div style=\"color: #444444; font-size: 16px; font-weight: 400;\">\u00a0<\/div>\n<div style=\"font-size: 16px; font-weight: 400;\">\n<div>\n<p style=\"margin: 0cm 0cm 0.0001pt; text-align: justify; background-image: initial; background-position: initial; background-size: initial; background-repeat: initial; background-attachment: initial; background-origin: initial; background-clip: initial;\"><a href=\"http:\/\/www.vannesechosjazz.bzh\">Vannes Echos Jazz <\/a>est un nouveau projet culturel qui s&rsquo;associe avec diff\u00e9rentes parties prenantes du territoire sur un projet ambitieux, d\u00e9clin\u00e9 sur les quatre saisons. Cette nouvelle formule propose encore plus de jazz, mais ouvre \u00e9galement ses portes \u00e0 d&rsquo;autres esth\u00e9tiques musicales. Un projet artistique mais aussi \u00e9ducatif et social qui se veut innovant, f\u00e9d\u00e9rateur et marqueur du territoire. Toutes les infos sur : <a href=\"http:\/\/www.vannesechosjazz.bzh\">www.vanneschsojazz.bzh<\/a>\u00a0\u00a0<\/p>\n<\/div>\n<\/div>\n<div style=\"color: #444444; font-size: 16px; font-weight: 400;\">\n<p style=\"margin: 0cm 0cm 0.0001pt; text-align: justify; background-image: initial; background-position: initial; background-size: initial; background-repeat: initial; background-attachment: initial; background-origin: initial; background-clip: initial;\">\u00a0<\/p>\n<\/div>\n<h2>R\u00e9sidence de cr\u00e9ation Sarah Kay Trio\u00a0<\/h2>\n<div><span style=\"color: #161615; font-family: Arial, sans-serif; font-weight: bold;\">(Laur\u00e9ate du Tremplin National Jazz en Ville)<\/span><\/div>\n<div>Du 11 au 15 d\u00e9cembre 2023<\/div>\n<div>\n<h2><img loading=\"lazy\" decoding=\"async\" class=\"alignright\" src=\"https:\/\/irmt.fr\/wp-content\/uploads\/2023\/12\/12-DSC094703816-224x300.jpg\" alt=\"\" width=\"224\" height=\"300\" \/><\/h2>\n<p style=\"margin: 0cm 0cm 0.0001pt; text-align: justify; background-image: initial; background-position: initial; background-size: initial; background-repeat: initial; background-attachment: initial; background-origin: initial; background-clip: initial;\"><span style=\"color: black;\">Le groupe Laur\u00e9at du Tremplin National \u00ab Sarah Kay Trio\u00a0\u00bb s\u2019est vu attribu\u00e9 le prix \u00ab\u00a0Jean-Philippe Breton\u00a0\u00bb dot\u00e9 d\u2019une bourse de 3 000 \u20ac offerte par la Ville de Vannes ainsi qu\u2019une r\u00e9sidence de cr\u00e9ation artistique en fin d\u2019ann\u00e9e 2023, produite par l\u2019Institut de Recherche pour les Musiques Transatlantiques, partenaire du tremplin. <\/span><\/p>\n<p style=\"margin: 0cm 0cm 0.0001pt; text-align: justify; background-image: initial; background-position: initial; background-size: initial; background-repeat: initial; background-attachment: initial; background-origin: initial; background-clip: initial;\"><span style=\"color: black;\">Le trio Sarah Kay est accueilli en r\u00e9sidence \u00e0 l\u2019<\/span><a href=\"https:\/\/www.lechonova.com\/\" target=\"_blank\" rel=\"noopener\">Echonova\u00a0<\/a><span style=\"color: black;\">du 11 au 15 d\u00e9cembre 2023. Un temps de m\u00e9diation avec les six \u00e9coles du territoire inscrite au parcours Jazz d\u2019Education Artistique et Culturelle de GMVA aura lieu le vendredi 15 en pr\u00e9sence des artistes. Le trio ouvrira la soir\u00e9e de lancement du nouveau projet jazz \u00ab\u00a0Vannes Echos Jazz\u00a0\u00bb le 16 d\u00e9cembre \u00e0 l\u2019Echonova \u00e0 20H.<\/span><\/p>\n<\/div>\n<p style=\"background-image: initial; background-position: initial; background-size: initial; background-repeat: initial; background-attachment: initial; background-origin: initial; background-clip: initial;\">\u00a0<\/p>\n<h2>RITM, partenaire du Tremplin National- \u00a0Festival Jazz en Ville<\/h2>\n<p style=\"background-image: initial; background-position: initial; background-size: initial; background-repeat: initial; background-attachment: initial; background-origin: initial; background-clip: initial;\"><span style=\"font-weight: bolder;\"><span style=\"font-family: Arial, sans-serif; color: #161615;\">En partenariat avec la ville de Vannes.<\/span><\/span><\/p>\n<h2><img loading=\"lazy\" decoding=\"async\" class=\"alignleft\" src=\"https:\/\/irmt.fr\/wp-content\/uploads\/2023\/07\/TremplinJEV-203x300.png\" alt=\"\" width=\"203\" height=\"300\" \/><\/h2>\n<p style=\"background-image: initial; background-position: initial; background-size: initial; background-repeat: initial; background-attachment: initial; background-origin: initial; background-clip: initial;\"><span style=\"color: #000000; font-family: Arial, sans-serif;\">\u00a0La ville de Vannes propose depuis de nombreuses ann\u00e9es, dans le cadre de son festival de Jazz, un tremplin musical dont l\u2019ambition est de mettre en avant la nouvelle sc\u00e8ne nationale jazz. Les finales se d\u00e9rouleront les jeudi 27 et vendredi 28 juillet, sur l\u2019esplanade Simone-Veil de 14h \u00e0 18h.\u00a0<\/span><\/p>\n<p style=\"color: #000000; font-family: Arial, sans-serif; --font-size: 20px; --line-height: 1.4; line-height: 28px;\">Le jury est compos\u00e9 de professionnels du monde de la musique (musiciens, programmateurs, journalistes) et d\u2019amateurs.<\/p>\n<p style=\"color: #000000; font-family: Arial, sans-serif; --font-size: 20px; --line-height: 1.4; text-transform: none; line-height: 28px;\"><span style=\"color: #000000; font-weight: 400; font-style: normal;\">Le RITM, partenaire de la Ville de Vannes sur cet \u00e9v\u00e8nement proposera une r\u00e9sidence de cr\u00e9ation artistique en d\u00e9cembre 2023 \u00e0 la formation laur\u00e9ate.\u00a0<\/span><\/p>\n<p style=\"color: #000000; font-family: 'YAEMqmKOef0 1', _fb_, auto; --font-size: 20px; --line-height: 1.4; text-transform: none; line-height: 28px;\"><span style=\"color: #161615; font-family: Arial, sans-serif;\">Plus d&rsquo;informations :<\/span><span style=\"font-size: 12pt; color: #122844; font-family: Arial, sans-serif;\">\u00a0<a href=\"https:\/\/www.festivaljazzenville.fr\/tremplin-national-0\">Tremplin National Jazz en Ville\u00a0<\/a><\/span><\/p>\n<h2>Ys et Eau, travers\u00e9e musicale.\u00a0<\/h2>\n<p style=\"background: white;\"><strong><span style=\"font-family: 'Arial',sans-serif; color: #161615;\">Dimanche 30 avril 2023.<\/span><\/strong><\/p>\n<p style=\"box-sizing: border-box; margin: 0px 0px 20px; padding: 0px; overflow-wrap: break-word; font-size: 16px; font-style: normal; font-variant-ligatures: normal; font-variant-caps: normal; font-weight: 400; letter-spacing: normal; orphans: 2; text-align: start; text-indent: 0px; text-transform: none; white-space: normal; widows: 2; word-spacing: 0px; -webkit-text-stroke-width: 0px; background-color: #ffffff; text-decoration-thickness: initial; text-decoration-style: initial; text-decoration-color: initial; color: #000000; font-family: 'YAEMqmKOef0 1', _fb_, auto; --font-size: 20px; --line-height: 1.4; line-height: 28px;\"><span style=\"color: #161615; font-family: Arial, sans-serif;\">Depuis plus de dix ans l&rsquo;UNESCO c\u00e9l\u00e8bre et promeut la \u00ab\u00a0<a href=\"https:\/\/jazzday.com\/\">Journ\u00e9e Internationale du Jazz<\/a>\u00a0\u00bb chaque 30 avril, dans le monde entier. L&rsquo;organisation croit dans le pouvoir du jazz comme force de paix, de compr\u00e9hension mutuelle et entend par cette journ\u00e9e, sensibiliser le monde aux vertus de cette musique comme un outil p\u00e9dagogique, moteur de dialogue et de coop\u00e9ration entre les peuples.\u00a0<\/span><\/p>\n<p style=\"color: #000000; font-family: 'YAEMqmKOef0 1', _fb_, auto; --font-size: 20px; --line-height: 1.4; line-height: 28px;\"><span style=\"font-family: Arial, sans-serif; color: #161615;\">En partenariat avec le Domaine de Kerguehennec \u00e0 Bignan, RITM a c\u00e9l\u00e9br\u00e9 <\/span><span style=\"font-family: Arial, sans-serif; color: #161615;\">cette journ\u00e9e<\/span><span style=\"color: #161615; font-family: Arial, sans-serif;\">\u00a0autour d&rsquo;un \u00ab brunch jazz \u00bb qui a accueilli le guitariste Jean-Marie Ecay pour des performances en solo, suivies d\u2019une jam session ouverte \u00e0 tous. Construite autour de la th\u00e9matique de l\u2019eau et de l\u2019oc\u00e9an, cette journ\u00e9e fut ponctu\u00e9e d\u2019interviews radio. Cet journ\u00e9e intitul\u00e9e \u00ab Ys et eau, travers\u00e9e musicale \u00bb a offert par la suite une rencontre-voyage dans les \u0153uvres de Zad Moultaka, M\u00e2khi Xenakis et Evariste Luminais, en pr\u00e9sence de Zad Moultaka et d\u2019Emmanuel Dayd\u00e9, commissaire de l\u2019exposition \u00ab\u00a0Apr\u00e8s nous, le D\u00e9luge\u00a0\u00bb, expos\u00e9s au Domaine de Kerguehennec.\u00a0<\/span><\/p>\n<p style=\"background: white; box-sizing: border-box; margin: 1rem 0px; font-variant-ligatures: normal; font-variant-caps: normal; orphans: 2; text-align: start; widows: 2; -webkit-text-stroke-width: 0px; text-decoration-thickness: initial; text-decoration-style: initial; text-decoration-color: initial; word-spacing: 0px;\"><span style=\"font-family: 'Arial',sans-serif; color: #161615;\">Amoureux du jazz, le guitariste\u00a0<\/span><a href=\"http:\/\/jeanmarie-ecay.com\/\" target=\"_blank\" rel=\"noopener\">Jean-Marie Ecay\u00a0<\/a><span style=\"font-family: 'Arial',sans-serif; color: #161615;\">s\u2019est impos\u00e9 sur la sc\u00e8ne jazz\/fusion et poss\u00e8de une large palette de styles (blues, jazz, bossa, rock).\u00a0Sideman des plus grands, Billy Cobham, Gino Vanelli, Didier Lockwood, Janik Top\/Eric Lelann, Richard Galliano\u2026 Jean-Marie Ecay est un musicien \u00e9clectique dont le style guitaristique et la personnalit\u00e9 en font un musicien incontournable.\u00a0<\/span><\/p>\n<p style=\"background: white; box-sizing: border-box; margin: 1rem 0px; font-variant-ligatures: normal; font-variant-caps: normal; orphans: 2; text-align: start; widows: 2; -webkit-text-stroke-width: 0px; text-decoration-thickness: initial; text-decoration-style: initial; text-decoration-color: initial; word-spacing: 0px;\"><span style=\"color: #161615; font-family: Arial, sans-serif;\">Plus d&rsquo;informations :<\/span><span style=\"font-size: 12pt; color: #122844; font-family: Arial, sans-serif;\">\u00a0<\/span><a style=\"background-color: #ffffff;\" href=\"https:\/\/www.kerguehennec.fr\/agenda\/detail\/ys-et-eau-traversee-musicale\">Ys et Eau, travers\u00e9e musicale &#8211; Domaine de Kerguehennec<\/a><\/p>\n<h2><img loading=\"lazy\" decoding=\"async\" src=\"https:\/\/irmt.fr\/wp-content\/uploads\/2023\/04\/YsEtEau_30.04-300x251.png\" alt=\"\" width=\"300\" height=\"251\" \/><\/h2>\n<p style=\"background: white; box-sizing: border-box; margin: 1rem 0px; font-variant-ligatures: normal; font-variant-caps: normal; orphans: 2; text-align: start; widows: 2; -webkit-text-stroke-width: 0px; text-decoration-thickness: initial; text-decoration-style: initial; text-decoration-color: initial; word-spacing: 0px;\"><span style=\"color: #122844; font-family: Arial, sans-serif; font-size: 12pt;\">\u00a0<\/span><span style=\"color: #000000; font-size: 1.875rem; font-weight: bold;\">Cr\u00e9ation du Cin\u00e9-Concert \u00ab\u00a016 LEVERS DE SOLEIL\u00a0\u00bb<\/span><\/p>\n<p><!-- \/wp:heading --><\/p>\n<p><!-- wp:spacer {\"height\":\"0px\"} --><\/p>\n<p><!-- \/wp:spacer --><\/p>\n<p><!-- wp:paragraph --><\/p>\n<p>Le RITM a coproduit sa premi\u00e8re cr\u00e9ation musicale en partenariat avec le festival Jazz en Ville de Vannes, qui s&rsquo;est d\u00e9roul\u00e9e le 28 juillet 2022 au jardin des Remparts de Vannes.<\/p>\n<p><!-- \/wp:paragraph --><\/p>\n<p><!-- wp:paragraph --><\/p>\n<p>Sur une initiative de Pierre-Emmanuel Le Goff, r\u00e9alisateur du documentaire \u00ab\u00a016 levers de Soleil\u00a0\u00bb qui retrace l&rsquo;aventure de Thomas Pesquet dans la Station Spatiale Internationale, le compositeur Guillaume Perret a propos\u00e9 sa musique sur sc\u00e8ne, accompagn\u00e9e de la projection du film sur grand \u00e9cran, une premi\u00e8re pour le festival Jazz en Ville.<\/p>\n<p><!-- \/wp:paragraph --><\/p>\n<p><!-- wp:paragraph --><\/p>\n<p>Les musiciens du quartet de Guillaume Perret, Yessa\u00ef Karap\u00e9tian (Piano), Julien Hern\u00e9 (Basse) et Martin Wangerm\u00e9e (Batterie) se sont retrouv\u00e9s au printemps 2022 sur Vannes pour une r\u00e9sidence de cr\u00e9ation, en compagnie du r\u00e9alisateur Pierre-Emmanuel Le Goff, de Jonathan Chassaing (Cr\u00e9ateur Lumi\u00e8re) et Fabien Terrail (Cr\u00e9ateur son).<\/p>\n<p><!-- \/wp:paragraph --><\/p>\n<p><!-- wp:paragraph --><\/p>\n<p>Une aventure stratosph\u00e9rique, aussi bien visuelle que musicale.<\/p>\n<p><a href=\"https:\/\/www.youtube.com\/watch?v=Miu8e9DWFd0\">https:\/\/www.youtube.com\/watch?v=Miu8e9DWFd0<\/a><\/p>\n<p>\u00a0<\/p>\n<p><!-- \/wp:paragraph --><\/p>\n<p><!-- wp:heading --><\/p>\n<h2>RITM accueille le big band franco-allemand CLASSICAL BEAT<\/h2>\n<p><!-- \/wp:heading --><\/p>\n<p><!-- wp:paragraph --><\/p>\n<p>Form\u00e9 \u00e0 l\u2019occasion de l\u2019\u00e9dition 2021 du CLASSIC BEAT FESTIVAL \u00e0 TRAVEM\u00dcNDE \u2013 LUBECK (Allemagne), cet orchestre ressemble sous la direction de Pierre Bertrand douze jeunes solistes de jazz fran\u00e7ais et allemands, s\u00e9lectionn\u00e9s parmi les plus prometteurs du moment. La formation accueille \u00e9galement 3 invit\u00e9s issus du groupe LA CAJA NEGRA de Pierre Bertrand qui a obtenu en 2017 la victoire du jazz\u00a0: Minino Garay, Sabrina Romero et Paloma Pradal.<\/p>\n<p><!-- \/wp:paragraph --><\/p>\n<p><!-- wp:paragraph --><\/p>\n<p>Apr\u00e8s avoir d\u00e9but\u00e9 une tourn\u00e9e d\u2019\u00e9t\u00e9 \u00e0 Travem\u00fcnde-L\u00fcbeck puis dans la r\u00e9gion baltique de l\u2019Allemagne, l\u2019orchestre visitera 6 villes fran\u00e7aises\u00a0: Paris, Nice, St Genest Malifaux, <strong>Vannes<\/strong>, La Rochelle.<\/p>\n<p><!-- \/wp:paragraph --><\/p>\n<p><!-- wp:paragraph --><\/p>\n<p>Ce projet artistique offre en plus d\u2019une occasion exceptionnelle de travailler avec des solistes r\u00e9put\u00e9s, une mise en lumi\u00e8re pour ces jeunes musiciens en d\u00e9but de carri\u00e8re.<\/p>\n<p><!-- \/wp:paragraph --><\/p>\n<p><!-- wp:paragraph --><\/p>\n<p>C\u2019est aussi une formidable occasion de tisser des liens solides avec des musiciens \u00e9trangers qui leur ouvrira ainsi les portes de l\u2019Europe pour leurs futures carri\u00e8res.<\/p>\n<p><!-- \/wp:paragraph --><\/p>\n<p><!-- wp:paragraph --><\/p>\n<p>Plus d&rsquo;infos sur <a href=\"https:\/\/www.classicalbeat.de\/\" target=\"_blank\" rel=\"noreferrer noopener\">CLASSICAL BEAT<\/a><img loading=\"lazy\" decoding=\"async\" src=\"https:\/\/irmt.fr\/wp-content\/uploads\/2023\/03\/Classical-Beat-12.September-300x300.jpg\" alt=\"\" width=\"300\" height=\"300\" \/>\u00a0 \u00a0 \u00a0 \u00a0 \u00a0 \u00a0 \u00a0<\/p>\n<p><!-- \/wp:image --><\/p>\n<p>\u00a0<\/p>\t\t\t\t\t\t<\/div>\n\t\t\t\t<\/div>\n\t\t\t\t\t<\/div>\n\t\t<\/div>\n\t\t\t\t\t\t\t<\/div>\n\t\t<\/section>\n\t\t\t\t\t\t\t<\/div>\n\t\t","protected":false},"excerpt":{"rendered":"<p>R\u00e9sidence de cr\u00e9ation Menalua\u00a0 \u00a0 \u00a0 \u00a0 \u00a0 \u00a0 \u00a0 \u00a0 \u00a0 \u00a0 \u00a0 \u00a0 \u00a0 \u00a0 \u00a0 \u00a0 \u00a0 \u00a0 \u00a0 \u00a0 \u00a0 \u00a0 \u00a0 \u00a0 \u00a0 \u00a0 \u00a0 \u00a0 \u00a0 \u00a0 \u00a0 (Laur\u00e9at du Tremplin National Vannes Echos Jazz) Du 18 au 22 novembre 2024 Le groupe Laur\u00e9at du Tremplin National \u00abMenalua\u00bb s\u2019est &hellip; <\/p>\n<p class=\"link-more\"><a href=\"https:\/\/irmt.fr\/index.php\/actualites\/\" class=\"more-link\">Lire la suite de<span class=\"screen-reader-text\">\u00ab\u00a0Actualit\u00e9s\u00a0\u00bb<\/span><\/a><\/p>\n","protected":false},"author":1,"featured_media":0,"parent":0,"menu_order":0,"comment_status":"closed","ping_status":"closed","template":"","meta":{"footnotes":""},"class_list":["post-111","page","type-page","status-publish","hentry"],"featured_media_urls":[],"_links":{"self":[{"href":"https:\/\/irmt.fr\/index.php\/wp-json\/wp\/v2\/pages\/111","targetHints":{"allow":["GET"]}}],"collection":[{"href":"https:\/\/irmt.fr\/index.php\/wp-json\/wp\/v2\/pages"}],"about":[{"href":"https:\/\/irmt.fr\/index.php\/wp-json\/wp\/v2\/types\/page"}],"author":[{"embeddable":true,"href":"https:\/\/irmt.fr\/index.php\/wp-json\/wp\/v2\/users\/1"}],"replies":[{"embeddable":true,"href":"https:\/\/irmt.fr\/index.php\/wp-json\/wp\/v2\/comments?post=111"}],"version-history":[{"count":164,"href":"https:\/\/irmt.fr\/index.php\/wp-json\/wp\/v2\/pages\/111\/revisions"}],"predecessor-version":[{"id":494,"href":"https:\/\/irmt.fr\/index.php\/wp-json\/wp\/v2\/pages\/111\/revisions\/494"}],"wp:attachment":[{"href":"https:\/\/irmt.fr\/index.php\/wp-json\/wp\/v2\/media?parent=111"}],"curies":[{"name":"wp","href":"https:\/\/api.w.org\/{rel}","templated":true}]}}